{"id":327,"date":"2018-01-17T07:00:58","date_gmt":"2018-01-17T06:00:58","guid":{"rendered":"https:\/\/www.amicale-asnieres.fr\/?page_id=327"},"modified":"2023-10-13T18:19:27","modified_gmt":"2023-10-13T17:19:27","slug":"institut-g-baguer","status":"publish","type":"page","link":"https:\/\/www.amicale-asnieres.fr\/?page_id=327","title":{"rendered":"Historique Institut Gustave Baguer"},"content":{"rendered":"<p style=\"text-align: left;\"><a href=\"https:\/\/www.amicale-asnieres.fr\/wp-content\/uploads\/2014\/06\/logo-Baguer.jpg\"><img loading=\"lazy\" decoding=\"async\" class=\"alignleft size-full wp-image-466\" src=\"https:\/\/www.amicale-asnieres.fr\/wp-content\/uploads\/2014\/06\/logo-Baguer.jpg\" alt=\"logo Baguer\" width=\"160\" height=\"72\" \/><\/a><\/p>\n<p style=\"text-align: left;\"><strong>\u00a0<\/strong><\/p>\n<p style=\"text-align: justify;\"><span style=\"font-family: arial, helvetica, sans-serif; font-size: 14pt;\"><strong>1893<\/strong><\/span><\/p>\n<p style=\"text-align: justify;\"><span style=\"font-family: arial, helvetica, sans-serif; font-size: 14pt;\">Cr\u00e9ation de l\u2019Institut par une d\u00e9lib\u00e9ration du Conseil G\u00e9n\u00e9ral de la Seine du 16 juin 1893 et d\u2019un arr\u00eat\u00e9 pr\u00e9fectoral du 20 juillet 1893 en vue d\u2019accueillir, gratuitement, les \u00ab enfants sourds et demi sourds des 2 sexes d\u00e8s l\u2019\u00e2ge de 6 ans \u00bb. Plac\u00e9 sous la direction des services d\u2019enseignement de la Seine, l\u2019\u00e9tablissement porte le nom de son 1er Directeur : Gustave Baguer, qui le dirigera jusqu\u2019en 1918.<\/span><\/p>\n<p style=\"text-align: center;\"><span style=\"font-family: arial, helvetica, sans-serif; font-size: 14pt;\">\r\n\t<div class=\"slideshow_container slideshow_container_style-light\" style=\"height: 500px; \" data-slideshow-id=\"1832\" data-style-name=\"style-light\" data-style-version=\"2.3.1\" >\r\n\r\n\t\t\t\t\t<div class=\"slideshow_loading_icon\"><\/div>\r\n\t\t\r\n\t\t<div class=\"slideshow_content\" style=\"display: none;\">\r\n\r\n\t\t\t<div class=\"slideshow_view\">\r\n\t\t\t\t<div class=\"slideshow_slide slideshow_slide_image\">\r\n\t\t\t\t\t\t\t\t\t\t\t<img src=\"https:\/\/www.amicale-asnieres.fr\/wp-content\/uploads\/2015\/11\/IDGB-01.jpg\" alt=\"Fa\u00e7ade de l'institut des sourds-muets en 1893\" width=\"800\" height=\"500\" \/>\r\n\t\t\t\t\t\t\t\t\t\t<div class=\"slideshow_description_box slideshow_transparent\">\r\n\t\t\t\t\t\t<div class=\"slideshow_title\">Fa\u00e7ade de l'institut des sourds-muets en 1893<\/div>\t\t\t\t\t\t<div class=\"slideshow_description\">01<\/div>\t\t\t\t\t<\/div>\r\n\t\t\t\t<\/div>\r\n\r\n\t\t\t\t\t\t<div style=\"clear: both;\"><\/div><\/div><div class=\"slideshow_view\">\r\n\t\t\t\t<div class=\"slideshow_slide slideshow_slide_image\">\r\n\t\t\t\t\t\t\t\t\t\t\t<img src=\"https:\/\/www.amicale-asnieres.fr\/wp-content\/uploads\/2015\/11\/IDGB-02.jpg\" alt=\"Inauguration le 17 juin en pr\u00e9sence de M. Gustave Baguer\" width=\"800\" height=\"500\" \/>\r\n\t\t\t\t\t\t\t\t\t\t<div class=\"slideshow_description_box slideshow_transparent\">\r\n\t\t\t\t\t\t<div class=\"slideshow_title\">Inauguration le 17 juin en pr\u00e9sence de M. Gustave Baguer<\/div>\t\t\t\t\t\t<div class=\"slideshow_description\">02<\/div>\t\t\t\t\t<\/div>\r\n\t\t\t\t<\/div>\r\n\r\n\t\t\t\t\t\t<div style=\"clear: both;\"><\/div><\/div><div class=\"slideshow_view\">\r\n\t\t\t\t<div class=\"slideshow_slide slideshow_slide_image\">\r\n\t\t\t\t\t\t\t\t\t\t\t<img src=\"https:\/\/www.amicale-asnieres.fr\/wp-content\/uploads\/2015\/11\/IDGB-03.jpg\" alt=\"Ecole des filles en 1899\" width=\"800\" height=\"500\" \/>\r\n\t\t\t\t\t\t\t\t\t\t<div class=\"slideshow_description_box slideshow_transparent\">\r\n\t\t\t\t\t\t<div class=\"slideshow_title\">Ecole des filles en 1899<\/div>\t\t\t\t\t\t<div class=\"slideshow_description\">03<\/div>\t\t\t\t\t<\/div>\r\n\t\t\t\t<\/div>\r\n\r\n\t\t\t\t\t\t<div style=\"clear: both;\"><\/div><\/div><div class=\"slideshow_view\">\r\n\t\t\t\t<div class=\"slideshow_slide slideshow_slide_image\">\r\n\t\t\t\t\t\t\t\t\t\t\t<img src=\"https:\/\/www.amicale-asnieres.fr\/wp-content\/uploads\/2015\/11\/IDGB-04.jpg\" alt=\"Construction, d\u00e9cembre 1901\" width=\"800\" height=\"500\" \/>\r\n\t\t\t\t\t\t\t\t\t\t<div class=\"slideshow_description_box slideshow_transparent\">\r\n\t\t\t\t\t\t<div class=\"slideshow_title\">Construction, d\u00e9cembre 1901<\/div>\t\t\t\t\t\t<div class=\"slideshow_description\">04<\/div>\t\t\t\t\t<\/div>\r\n\t\t\t\t<\/div>\r\n\r\n\t\t\t\t\t\t<div style=\"clear: both;\"><\/div><\/div><div class=\"slideshow_view\">\r\n\t\t\t\t<div class=\"slideshow_slide slideshow_slide_image\">\r\n\t\t\t\t\t\t\t\t\t\t\t<img src=\"https:\/\/www.amicale-asnieres.fr\/wp-content\/uploads\/2015\/11\/IDGB-05.jpg\" alt=\"Construction, janvier 1902\" width=\"800\" height=\"500\" \/>\r\n\t\t\t\t\t\t\t\t\t\t<div class=\"slideshow_description_box slideshow_transparent\">\r\n\t\t\t\t\t\t<div class=\"slideshow_title\">Construction, janvier 1902<\/div>\t\t\t\t\t\t<div class=\"slideshow_description\">05<\/div>\t\t\t\t\t<\/div>\r\n\t\t\t\t<\/div>\r\n\r\n\t\t\t\t\t\t<div style=\"clear: both;\"><\/div><\/div><div class=\"slideshow_view\">\r\n\t\t\t\t<div class=\"slideshow_slide slideshow_slide_image\">\r\n\t\t\t\t\t\t\t\t\t\t\t<img src=\"https:\/\/www.amicale-asnieres.fr\/wp-content\/uploads\/2015\/11\/IDGB-06.jpg\" alt=\"Pose de la premi\u00e8re pierre le 26 juillet 1901\" width=\"800\" height=\"500\" \/>\r\n\t\t\t\t\t\t\t\t\t\t<div class=\"slideshow_description_box slideshow_transparent\">\r\n\t\t\t\t\t\t<div class=\"slideshow_title\">Pose de la premi\u00e8re pierre le 26 juillet 1901<\/div>\t\t\t\t\t\t<div class=\"slideshow_description\">06<\/div>\t\t\t\t\t<\/div>\r\n\t\t\t\t<\/div>\r\n\r\n\t\t\t\t\t\t<div style=\"clear: both;\"><\/div><\/div><div class=\"slideshow_view\">\r\n\t\t\t\t<div class=\"slideshow_slide slideshow_slide_image\">\r\n\t\t\t\t\t\t\t\t\t\t\t<img src=\"https:\/\/www.amicale-asnieres.fr\/wp-content\/uploads\/2015\/11\/IDGB-07.jpg\" alt=\"Plaque c\u00e9m\u00e9morative de la premi\u00e8re pierre le 26 juillet 1901\" width=\"789\" height=\"493\" \/>\r\n\t\t\t\t\t\t\t\t\t\t<div class=\"slideshow_description_box slideshow_transparent\">\r\n\t\t\t\t\t\t<div class=\"slideshow_title\">Plaque c\u00e9m\u00e9morative de la premi\u00e8re pierre le 26 juillet 1901<\/div>\t\t\t\t\t\t<div class=\"slideshow_description\">07<\/div>\t\t\t\t\t<\/div>\r\n\t\t\t\t<\/div>\r\n\r\n\t\t\t\t\t\t<div style=\"clear: both;\"><\/div><\/div><div class=\"slideshow_view\">\r\n\t\t\t\t<div class=\"slideshow_slide slideshow_slide_image\">\r\n\t\t\t\t\t\t\t\t\t\t\t<img src=\"https:\/\/www.amicale-asnieres.fr\/wp-content\/uploads\/2015\/11\/IDGB-08jpg.jpg\" alt=\"Construction, mars 1902\" width=\"800\" height=\"500\" \/>\r\n\t\t\t\t\t\t\t\t\t\t<div class=\"slideshow_description_box slideshow_transparent\">\r\n\t\t\t\t\t\t<div class=\"slideshow_title\">Construction, mars 1902<\/div>\t\t\t\t\t\t<div class=\"slideshow_description\">08<\/div>\t\t\t\t\t<\/div>\r\n\t\t\t\t<\/div>\r\n\r\n\t\t\t\t\t\t<div style=\"clear: both;\"><\/div><\/div><div class=\"slideshow_view\">\r\n\t\t\t\t<div class=\"slideshow_slide slideshow_slide_image\">\r\n\t\t\t\t\t\t\t\t\t\t\t<img src=\"https:\/\/www.amicale-asnieres.fr\/wp-content\/uploads\/2015\/11\/IDGB-09.jpg\" alt=\"Construction, aout 1902\" width=\"800\" height=\"500\" \/>\r\n\t\t\t\t\t\t\t\t\t\t<div class=\"slideshow_description_box slideshow_transparent\">\r\n\t\t\t\t\t\t<div class=\"slideshow_title\">Construction, aout 1902<\/div>\t\t\t\t\t\t<div class=\"slideshow_description\">09<\/div>\t\t\t\t\t<\/div>\r\n\t\t\t\t<\/div>\r\n\r\n\t\t\t\t\t\t<div style=\"clear: both;\"><\/div><\/div><div class=\"slideshow_view\">\r\n\t\t\t\t<div class=\"slideshow_slide slideshow_slide_image\">\r\n\t\t\t\t\t\t\t\t\t\t\t<img src=\"https:\/\/www.amicale-asnieres.fr\/wp-content\/uploads\/2015\/11\/IDGB-10.jpg\" alt=\"Angle de la rue du Bac et la rue Paul D\u00e9roul\u00e8de en 1933\" width=\"800\" height=\"500\" \/>\r\n\t\t\t\t\t\t\t\t\t\t<div class=\"slideshow_description_box slideshow_transparent\">\r\n\t\t\t\t\t\t<div class=\"slideshow_title\">Angle de la rue du Bac et la rue Paul D\u00e9roul\u00e8de en 1933<\/div>\t\t\t\t\t\t<div class=\"slideshow_description\">10<\/div>\t\t\t\t\t<\/div>\r\n\t\t\t\t<\/div>\r\n\r\n\t\t\t\t\t\t<div style=\"clear: both;\"><\/div><\/div><div class=\"slideshow_view\">\r\n\t\t\t\t<div class=\"slideshow_slide slideshow_slide_image\">\r\n\t\t\t\t\t\t\t\t\t\t\t<img src=\"https:\/\/www.amicale-asnieres.fr\/wp-content\/uploads\/2015\/11\/IDGB-11.jpg\" alt=\"Cour int\u00e9rieur en 1933\" width=\"800\" height=\"500\" \/>\r\n\t\t\t\t\t\t\t\t\t\t<div class=\"slideshow_description_box slideshow_transparent\">\r\n\t\t\t\t\t\t<div class=\"slideshow_title\">Cour int\u00e9rieur en 1933<\/div>\t\t\t\t\t\t<div class=\"slideshow_description\">11<\/div>\t\t\t\t\t<\/div>\r\n\t\t\t\t<\/div>\r\n\r\n\t\t\t\t\t\t<div style=\"clear: both;\"><\/div><\/div><div class=\"slideshow_view\">\r\n\t\t\t\t<div class=\"slideshow_slide slideshow_slide_image\">\r\n\t\t\t\t\t\t\t\t\t\t\t<img src=\"https:\/\/www.amicale-asnieres.fr\/wp-content\/uploads\/2015\/11\/IDGB-12.jpg\" alt=\"Les uniformes gar\u00e7ons et filles en 1899\" width=\"800\" height=\"500\" \/>\r\n\t\t\t\t\t\t\t\t\t\t<div class=\"slideshow_description_box slideshow_transparent\">\r\n\t\t\t\t\t\t<div class=\"slideshow_title\">Les uniformes gar\u00e7ons et filles en 1899<\/div>\t\t\t\t\t\t<div class=\"slideshow_description\">12<\/div>\t\t\t\t\t<\/div>\r\n\t\t\t\t<\/div>\r\n\r\n\t\t\t\t\t\t<div style=\"clear: both;\"><\/div><\/div><div class=\"slideshow_view\">\r\n\t\t\t\t<div class=\"slideshow_slide slideshow_slide_image\">\r\n\t\t\t\t\t\t\t\t\t\t\t<img src=\"https:\/\/www.amicale-asnieres.fr\/wp-content\/uploads\/2015\/11\/IDGB-13.jpg\" alt=\"Les uniformes filles en 1920\" width=\"800\" height=\"500\" \/>\r\n\t\t\t\t\t\t\t\t\t\t<div class=\"slideshow_description_box slideshow_transparent\">\r\n\t\t\t\t\t\t<div class=\"slideshow_title\">Les uniformes filles en 1920<\/div>\t\t\t\t\t\t<div class=\"slideshow_description\">13<\/div>\t\t\t\t\t<\/div>\r\n\t\t\t\t<\/div>\r\n\r\n\t\t\t\t\t\t<div style=\"clear: both;\"><\/div><\/div><div class=\"slideshow_view\">\r\n\t\t\t\t<div class=\"slideshow_slide slideshow_slide_image\">\r\n\t\t\t\t\t\t\t\t\t\t\t<img src=\"https:\/\/www.amicale-asnieres.fr\/wp-content\/uploads\/2015\/11\/IDGB-14.jpg\" alt=\"Les uniformes gar\u00e7ons en 1930\" width=\"800\" height=\"500\" \/>\r\n\t\t\t\t\t\t\t\t\t\t<div class=\"slideshow_description_box slideshow_transparent\">\r\n\t\t\t\t\t\t<div class=\"slideshow_title\">Les uniformes gar\u00e7ons en 1930<\/div>\t\t\t\t\t\t<div class=\"slideshow_description\">14<\/div>\t\t\t\t\t<\/div>\r\n\t\t\t\t<\/div>\r\n\r\n\t\t\t\t\t\t<div style=\"clear: both;\"><\/div><\/div><div class=\"slideshow_view\">\r\n\t\t\t\t<div class=\"slideshow_slide slideshow_slide_image\">\r\n\t\t\t\t\t\t\t\t\t\t\t<img src=\"https:\/\/www.amicale-asnieres.fr\/wp-content\/uploads\/2015\/11\/IDGB-15.jpg\" alt=\"Les uniformes filles en 1935\" width=\"800\" height=\"500\" \/>\r\n\t\t\t\t\t\t\t\t\t\t<div class=\"slideshow_description_box slideshow_transparent\">\r\n\t\t\t\t\t\t<div class=\"slideshow_title\">Les uniformes filles en 1935<\/div>\t\t\t\t\t\t<div class=\"slideshow_description\">15<\/div>\t\t\t\t\t<\/div>\r\n\t\t\t\t<\/div>\r\n\r\n\t\t\t\t\t\t<div style=\"clear: both;\"><\/div><\/div><div class=\"slideshow_view\">\r\n\t\t\t\t<div class=\"slideshow_slide slideshow_slide_image\">\r\n\t\t\t\t\t\t\t\t\t\t\t<img src=\"https:\/\/www.amicale-asnieres.fr\/wp-content\/uploads\/2015\/11\/IDGB-16.jpg\" alt=\"Uniformes filles\" width=\"800\" height=\"500\" \/>\r\n\t\t\t\t\t\t\t\t\t\t<div class=\"slideshow_description_box slideshow_transparent\">\r\n\t\t\t\t\t\t<div class=\"slideshow_title\">Uniformes filles<\/div>\t\t\t\t\t\t<div class=\"slideshow_description\">16<\/div>\t\t\t\t\t<\/div>\r\n\t\t\t\t<\/div>\r\n\r\n\t\t\t\t\t\t<div style=\"clear: both;\"><\/div><\/div><div class=\"slideshow_view\">\r\n\t\t\t\t<div class=\"slideshow_slide slideshow_slide_image\">\r\n\t\t\t\t\t\t\t\t\t\t\t<img src=\"https:\/\/www.amicale-asnieres.fr\/wp-content\/uploads\/2015\/11\/IDGB-17.jpg\" alt=\"Uniformes gar\u00e7ons\" width=\"800\" height=\"500\" \/>\r\n\t\t\t\t\t\t\t\t\t\t<div class=\"slideshow_description_box slideshow_transparent\">\r\n\t\t\t\t\t\t<div class=\"slideshow_title\">Uniformes gar\u00e7ons<\/div>\t\t\t\t\t\t<div class=\"slideshow_description\">17<\/div>\t\t\t\t\t<\/div>\r\n\t\t\t\t<\/div>\r\n\r\n\t\t\t\t\t\t<div style=\"clear: both;\"><\/div><\/div><div class=\"slideshow_view\">\r\n\t\t\t\t<div class=\"slideshow_slide slideshow_slide_image\">\r\n\t\t\t\t\t\t\t\t\t\t\t<img src=\"https:\/\/www.amicale-asnieres.fr\/wp-content\/uploads\/2015\/11\/IDGB-18.jpg\" alt=\"M. Gustave Baguer, apprentissage de la parole en 1909\" width=\"800\" height=\"500\" \/>\r\n\t\t\t\t\t\t\t\t\t\t<div class=\"slideshow_description_box slideshow_transparent\">\r\n\t\t\t\t\t\t<div class=\"slideshow_title\">M. Gustave Baguer, apprentissage de la parole en 1909<\/div>\t\t\t\t\t\t<div class=\"slideshow_description\">18<\/div>\t\t\t\t\t<\/div>\r\n\t\t\t\t<\/div>\r\n\r\n\t\t\t\t\t\t<div style=\"clear: both;\"><\/div><\/div><div class=\"slideshow_view\">\r\n\t\t\t\t<div class=\"slideshow_slide slideshow_slide_image\">\r\n\t\t\t\t\t\t\t\t\t\t\t<img src=\"https:\/\/www.amicale-asnieres.fr\/wp-content\/uploads\/2015\/11\/IDGB-19.jpg\" alt=\"Classe des gar\u00e7ons en 1936\" width=\"800\" height=\"500\" \/>\r\n\t\t\t\t\t\t\t\t\t\t<div class=\"slideshow_description_box slideshow_transparent\">\r\n\t\t\t\t\t\t<div class=\"slideshow_title\">Classe des gar\u00e7ons en 1936<\/div>\t\t\t\t\t\t<div class=\"slideshow_description\">19<\/div>\t\t\t\t\t<\/div>\r\n\t\t\t\t<\/div>\r\n\r\n\t\t\t\t\t\t<div style=\"clear: both;\"><\/div><\/div><div class=\"slideshow_view\">\r\n\t\t\t\t<div class=\"slideshow_slide slideshow_slide_image\">\r\n\t\t\t\t\t\t\t\t\t\t\t<img src=\"https:\/\/www.amicale-asnieres.fr\/wp-content\/uploads\/2015\/11\/IDGB-20.jpg\" alt=\"Assemblage de robes en 1899\" width=\"800\" height=\"500\" \/>\r\n\t\t\t\t\t\t\t\t\t\t<div class=\"slideshow_description_box slideshow_transparent\">\r\n\t\t\t\t\t\t<div class=\"slideshow_title\">Assemblage de robes en 1899<\/div>\t\t\t\t\t\t<div class=\"slideshow_description\">20<\/div>\t\t\t\t\t<\/div>\r\n\t\t\t\t<\/div>\r\n\r\n\t\t\t\t\t\t<div style=\"clear: both;\"><\/div><\/div><div class=\"slideshow_view\">\r\n\t\t\t\t<div class=\"slideshow_slide slideshow_slide_image\">\r\n\t\t\t\t\t\t\t\t\t\t\t<img src=\"https:\/\/www.amicale-asnieres.fr\/wp-content\/uploads\/2015\/11\/IDGB-21.jpg\" alt=\"Atelier de fer en 1901\" width=\"800\" height=\"500\" \/>\r\n\t\t\t\t\t\t\t\t\t\t<div class=\"slideshow_description_box slideshow_transparent\">\r\n\t\t\t\t\t\t<div class=\"slideshow_title\">Atelier de fer en 1901<\/div>\t\t\t\t\t\t<div class=\"slideshow_description\">21<\/div>\t\t\t\t\t<\/div>\r\n\t\t\t\t<\/div>\r\n\r\n\t\t\t\t\t\t<div style=\"clear: both;\"><\/div><\/div><div class=\"slideshow_view\">\r\n\t\t\t\t<div class=\"slideshow_slide slideshow_slide_image\">\r\n\t\t\t\t\t\t\t\t\t\t\t<img src=\"https:\/\/www.amicale-asnieres.fr\/wp-content\/uploads\/2015\/11\/IDGB-22.jpg\" alt=\"Atelier de menuisier en 1910\" width=\"800\" height=\"500\" \/>\r\n\t\t\t\t\t\t\t\t\t\t<div class=\"slideshow_description_box slideshow_transparent\">\r\n\t\t\t\t\t\t<div class=\"slideshow_title\">Atelier de menuisier en 1910<\/div>\t\t\t\t\t\t<div class=\"slideshow_description\">22<\/div>\t\t\t\t\t<\/div>\r\n\t\t\t\t<\/div>\r\n\r\n\t\t\t\t\t\t<div style=\"clear: both;\"><\/div><\/div><div class=\"slideshow_view\">\r\n\t\t\t\t<div class=\"slideshow_slide slideshow_slide_image\">\r\n\t\t\t\t\t\t\t\t\t\t\t<img src=\"https:\/\/www.amicale-asnieres.fr\/wp-content\/uploads\/2015\/11\/IDGB-23.jpg\" alt=\"Atelier de repassage en 1924\" width=\"800\" height=\"500\" \/>\r\n\t\t\t\t\t\t\t\t\t\t<div class=\"slideshow_description_box slideshow_transparent\">\r\n\t\t\t\t\t\t<div class=\"slideshow_title\">Atelier de repassage en 1924<\/div>\t\t\t\t\t\t<div class=\"slideshow_description\">23<\/div>\t\t\t\t\t<\/div>\r\n\t\t\t\t<\/div>\r\n\r\n\t\t\t\t\t\t<div style=\"clear: both;\"><\/div><\/div><div class=\"slideshow_view\">\r\n\t\t\t\t<div class=\"slideshow_slide slideshow_slide_image\">\r\n\t\t\t\t\t\t\t\t\t\t\t<img src=\"https:\/\/www.amicale-asnieres.fr\/wp-content\/uploads\/2015\/11\/IDGB-24.jpg\" alt=\"Atelier de cordonnier en 1933\" width=\"800\" height=\"500\" \/>\r\n\t\t\t\t\t\t\t\t\t\t<div class=\"slideshow_description_box slideshow_transparent\">\r\n\t\t\t\t\t\t<div class=\"slideshow_title\">Atelier de cordonnier en 1933<\/div>\t\t\t\t\t\t<div class=\"slideshow_description\">24<\/div>\t\t\t\t\t<\/div>\r\n\t\t\t\t<\/div>\r\n\r\n\t\t\t\t\t\t<div style=\"clear: both;\"><\/div><\/div><div class=\"slideshow_view\">\r\n\t\t\t\t<div class=\"slideshow_slide slideshow_slide_image\">\r\n\t\t\t\t\t\t\t\t\t\t\t<img src=\"https:\/\/www.amicale-asnieres.fr\/wp-content\/uploads\/2015\/11\/IDGB-25.jpg\" alt=\"Atelier de tailleur en 1949\" width=\"800\" height=\"500\" \/>\r\n\t\t\t\t\t\t\t\t\t\t<div class=\"slideshow_description_box slideshow_transparent\">\r\n\t\t\t\t\t\t<div class=\"slideshow_title\">Atelier de tailleur en 1949<\/div>\t\t\t\t\t\t<div class=\"slideshow_description\">25<\/div>\t\t\t\t\t<\/div>\r\n\t\t\t\t<\/div>\r\n\r\n\t\t\t\t\t\t<div style=\"clear: both;\"><\/div><\/div>\r\n\t\t<\/div>\r\n\r\n\t\t<div class=\"slideshow_controlPanel slideshow_transparent\" style=\"display: none;\"><ul><li class=\"slideshow_togglePlay\" data-play-text=\"Play\" data-pause-text=\"Pause\"><\/li><\/ul><\/div>\r\n\r\n\t\t<div class=\"slideshow_button slideshow_previous slideshow_transparent\" role=\"button\" data-previous-text=\"Pr\u00e9c\u00e9dent\" style=\"display: none;\"><\/div>\r\n\t\t<div class=\"slideshow_button slideshow_next slideshow_transparent\" role=\"button\" data-next-text=\"Suivant\" style=\"display: none;\"><\/div>\r\n\r\n\t\t<div class=\"slideshow_pagination\" style=\"display: none;\" data-go-to-text=\"Go to slide\"><div class=\"slideshow_pagination_center\"><\/div><\/div>\r\n\r\n\t\t<!-- WordPress Slideshow Version 2.3.1 -->\r\n\r\n\t\t\t<\/div>\r\n\r\n<\/span><\/p>\n<p><span style=\"font-family: arial, helvetica, sans-serif; font-size: 14pt;\"><strong>1969<\/strong><\/span><\/p>\n<p style=\"text-align: justify;\"><span style=\"font-family: arial, helvetica, sans-serif; font-size: 14pt;\">Lors de l\u2019\u00e9clatement du d\u00e9partement de la Seine, l\u2019Institut est rattach\u00e9 au d\u00e9partement des Hauts-de-Seine.<\/span><\/p>\n<p style=\"text-align: justify;\"><span style=\"font-family: arial, helvetica, sans-serif; font-size: 14pt;\"><strong>1979<\/strong><\/span><\/p>\n<p style=\"text-align: justify;\"><span style=\"font-family: arial, helvetica, sans-serif; font-size: 14pt;\">Le Conseil G\u00e9n\u00e9ral propose d\u2019\u00e9riger l\u2019Institut en \u00e9tablissement public d\u00e9partemental.<\/span><\/p>\n<p style=\"text-align: justify;\"><span style=\"font-family: arial, helvetica, sans-serif; font-size: 14pt;\"><strong>1er janvier 1980<\/strong><\/span><\/p>\n<p style=\"text-align: justify;\"><span style=\"font-family: arial, helvetica, sans-serif; font-size: 14pt;\">Application du statut hospitalier au Personnel de Baguer.<\/span><\/p>\n<p style=\"text-align: justify;\"><span style=\"font-family: arial, helvetica, sans-serif; font-size: 14pt;\"><strong>1er janvier 1981<\/strong><\/span><\/p>\n<p style=\"text-align: justify;\"><span style=\"font-family: arial, helvetica, sans-serif; font-size: 14pt;\">L\u2019Institut est \u00e9rig\u00e9 en \u00e9tablissement public autonome.<\/span><\/p>\n<p style=\"text-align: center;\">\r\n\t<div class=\"slideshow_container slideshow_container_style-light\" style=\"height: 600px; \" data-slideshow-id=\"1886\" data-style-name=\"style-light\" data-style-version=\"2.3.1\" >\r\n\r\n\t\t\t\t\t<div class=\"slideshow_loading_icon\"><\/div>\r\n\t\t\r\n\t\t<div class=\"slideshow_content\" style=\"display: none;\">\r\n\r\n\t\t\t<div class=\"slideshow_view\">\r\n\t\t\t\t<div class=\"slideshow_slide slideshow_slide_image\">\r\n\t\t\t\t\t\t\t\t\t\t\t<img src=\"https:\/\/www.amicale-asnieres.fr\/wp-content\/uploads\/2015\/11\/IDGB-26.jpg\" alt=\"IDGB-26\" width=\"800\" height=\"500\" \/>\r\n\t\t\t\t\t\t\t\t\t\t<div class=\"slideshow_description_box slideshow_transparent\">\r\n\t\t\t\t\t\t<div class=\"slideshow_title\">IDGB-26<\/div>\t\t\t\t\t\t\t\t\t\t\t<\/div>\r\n\t\t\t\t<\/div>\r\n\r\n\t\t\t\t\t\t<div style=\"clear: both;\"><\/div><\/div><div class=\"slideshow_view\">\r\n\t\t\t\t<div class=\"slideshow_slide slideshow_slide_image\">\r\n\t\t\t\t\t\t\t\t\t\t\t<img src=\"https:\/\/www.amicale-asnieres.fr\/wp-content\/uploads\/2015\/11\/IDGB-27.jpg\" alt=\"IDGB-27\" width=\"800\" height=\"500\" \/>\r\n\t\t\t\t\t\t\t\t\t\t<div class=\"slideshow_description_box slideshow_transparent\">\r\n\t\t\t\t\t\t<div class=\"slideshow_title\">IDGB-27<\/div>\t\t\t\t\t\t\t\t\t\t\t<\/div>\r\n\t\t\t\t<\/div>\r\n\r\n\t\t\t\t\t\t<div style=\"clear: both;\"><\/div><\/div><div class=\"slideshow_view\">\r\n\t\t\t\t<div class=\"slideshow_slide slideshow_slide_image\">\r\n\t\t\t\t\t\t\t\t\t\t\t<img src=\"https:\/\/www.amicale-asnieres.fr\/wp-content\/uploads\/2015\/11\/IDGB-28.jpg\" alt=\"IDGB-28\" width=\"800\" height=\"501\" \/>\r\n\t\t\t\t\t\t\t\t\t\t<div class=\"slideshow_description_box slideshow_transparent\">\r\n\t\t\t\t\t\t<div class=\"slideshow_title\">IDGB-28<\/div>\t\t\t\t\t\t\t\t\t\t\t<\/div>\r\n\t\t\t\t<\/div>\r\n\r\n\t\t\t\t\t\t<div style=\"clear: both;\"><\/div><\/div><div class=\"slideshow_view\">\r\n\t\t\t\t<div class=\"slideshow_slide slideshow_slide_image\">\r\n\t\t\t\t\t\t\t\t\t\t\t<img src=\"https:\/\/www.amicale-asnieres.fr\/wp-content\/uploads\/2015\/11\/IDGB-29.jpg\" alt=\"IDGB-29\" width=\"800\" height=\"500\" \/>\r\n\t\t\t\t\t\t\t\t\t\t<div class=\"slideshow_description_box slideshow_transparent\">\r\n\t\t\t\t\t\t<div class=\"slideshow_title\">IDGB-29<\/div>\t\t\t\t\t\t\t\t\t\t\t<\/div>\r\n\t\t\t\t<\/div>\r\n\r\n\t\t\t\t\t\t<div style=\"clear: both;\"><\/div><\/div><div class=\"slideshow_view\">\r\n\t\t\t\t<div class=\"slideshow_slide slideshow_slide_image\">\r\n\t\t\t\t\t\t\t\t\t\t\t<img src=\"https:\/\/www.amicale-asnieres.fr\/wp-content\/uploads\/2015\/11\/IDGB-30.jpg\" alt=\"IDGB-30\" width=\"800\" height=\"500\" \/>\r\n\t\t\t\t\t\t\t\t\t\t<div class=\"slideshow_description_box slideshow_transparent\">\r\n\t\t\t\t\t\t<div class=\"slideshow_title\">IDGB-30<\/div>\t\t\t\t\t\t\t\t\t\t\t<\/div>\r\n\t\t\t\t<\/div>\r\n\r\n\t\t\t\t\t\t<div style=\"clear: both;\"><\/div><\/div><div class=\"slideshow_view\">\r\n\t\t\t\t<div class=\"slideshow_slide slideshow_slide_image\">\r\n\t\t\t\t\t\t\t\t\t\t\t<img src=\"https:\/\/www.amicale-asnieres.fr\/wp-content\/uploads\/2015\/11\/IDGB-31.jpg\" alt=\"IDGB-31\" width=\"800\" height=\"500\" \/>\r\n\t\t\t\t\t\t\t\t\t\t<div class=\"slideshow_description_box slideshow_transparent\">\r\n\t\t\t\t\t\t<div class=\"slideshow_title\">IDGB-31<\/div>\t\t\t\t\t\t\t\t\t\t\t<\/div>\r\n\t\t\t\t<\/div>\r\n\r\n\t\t\t\t\t\t<div style=\"clear: both;\"><\/div><\/div><div class=\"slideshow_view\">\r\n\t\t\t\t<div class=\"slideshow_slide slideshow_slide_image\">\r\n\t\t\t\t\t\t\t\t\t\t\t<img src=\"https:\/\/www.amicale-asnieres.fr\/wp-content\/uploads\/2015\/11\/IDGB-32.jpg\" alt=\"IDGB-32\" width=\"800\" height=\"500\" \/>\r\n\t\t\t\t\t\t\t\t\t\t<div class=\"slideshow_description_box slideshow_transparent\">\r\n\t\t\t\t\t\t<div class=\"slideshow_title\">IDGB-32<\/div>\t\t\t\t\t\t\t\t\t\t\t<\/div>\r\n\t\t\t\t<\/div>\r\n\r\n\t\t\t\t\t\t<div style=\"clear: both;\"><\/div><\/div><div class=\"slideshow_view\">\r\n\t\t\t\t<div class=\"slideshow_slide slideshow_slide_image\">\r\n\t\t\t\t\t\t\t\t\t\t\t<img src=\"https:\/\/www.amicale-asnieres.fr\/wp-content\/uploads\/2015\/11\/IDGB-36.jpg\" alt=\"IDGB-36\" width=\"800\" height=\"500\" \/>\r\n\t\t\t\t\t\t\t\t\t\t<div class=\"slideshow_description_box slideshow_transparent\">\r\n\t\t\t\t\t\t<div class=\"slideshow_title\">IDGB-36<\/div>\t\t\t\t\t\t\t\t\t\t\t<\/div>\r\n\t\t\t\t<\/div>\r\n\r\n\t\t\t\t\t\t<div style=\"clear: both;\"><\/div><\/div><div class=\"slideshow_view\">\r\n\t\t\t\t<div class=\"slideshow_slide slideshow_slide_image\">\r\n\t\t\t\t\t\t\t\t\t\t\t<img src=\"https:\/\/www.amicale-asnieres.fr\/wp-content\/uploads\/2015\/11\/IDGB-37.jpg\" alt=\"IDGB-37\" width=\"800\" height=\"500\" \/>\r\n\t\t\t\t\t\t\t\t\t\t<div class=\"slideshow_description_box slideshow_transparent\">\r\n\t\t\t\t\t\t<div class=\"slideshow_title\">IDGB-37<\/div>\t\t\t\t\t\t\t\t\t\t\t<\/div>\r\n\t\t\t\t<\/div>\r\n\r\n\t\t\t\t\t\t<div style=\"clear: both;\"><\/div><\/div><div class=\"slideshow_view\">\r\n\t\t\t\t<div class=\"slideshow_slide slideshow_slide_image\">\r\n\t\t\t\t\t\t\t\t\t\t\t<img src=\"https:\/\/www.amicale-asnieres.fr\/wp-content\/uploads\/2015\/11\/IDGB-33.jpg\" alt=\"IDGB-33\" width=\"800\" height=\"500\" \/>\r\n\t\t\t\t\t\t\t\t\t\t<div class=\"slideshow_description_box slideshow_transparent\">\r\n\t\t\t\t\t\t<div class=\"slideshow_title\">IDGB-33<\/div>\t\t\t\t\t\t\t\t\t\t\t<\/div>\r\n\t\t\t\t<\/div>\r\n\r\n\t\t\t\t\t\t<div style=\"clear: both;\"><\/div><\/div><div class=\"slideshow_view\">\r\n\t\t\t\t<div class=\"slideshow_slide slideshow_slide_image\">\r\n\t\t\t\t\t\t\t\t\t\t\t<img src=\"https:\/\/www.amicale-asnieres.fr\/wp-content\/uploads\/2015\/11\/IDGB-34.jpg\" alt=\"IDGB-34\" width=\"800\" height=\"500\" \/>\r\n\t\t\t\t\t\t\t\t\t\t<div class=\"slideshow_description_box slideshow_transparent\">\r\n\t\t\t\t\t\t<div class=\"slideshow_title\">IDGB-34<\/div>\t\t\t\t\t\t\t\t\t\t\t<\/div>\r\n\t\t\t\t<\/div>\r\n\r\n\t\t\t\t\t\t<div style=\"clear: both;\"><\/div><\/div><div class=\"slideshow_view\">\r\n\t\t\t\t<div class=\"slideshow_slide slideshow_slide_image\">\r\n\t\t\t\t\t\t\t\t\t\t\t<img src=\"https:\/\/www.amicale-asnieres.fr\/wp-content\/uploads\/2015\/11\/IDGB-35.jpg\" alt=\"IDGB-35\" width=\"800\" height=\"500\" \/>\r\n\t\t\t\t\t\t\t\t\t\t<div class=\"slideshow_description_box slideshow_transparent\">\r\n\t\t\t\t\t\t<div class=\"slideshow_title\">IDGB-35<\/div>\t\t\t\t\t\t\t\t\t\t\t<\/div>\r\n\t\t\t\t<\/div>\r\n\r\n\t\t\t\t\t\t<div style=\"clear: both;\"><\/div><\/div>\r\n\t\t<\/div>\r\n\r\n\t\t<div class=\"slideshow_controlPanel slideshow_transparent\" style=\"display: none;\"><ul><li class=\"slideshow_togglePlay\" data-play-text=\"Play\" data-pause-text=\"Pause\"><\/li><\/ul><\/div>\r\n\r\n\t\t<div class=\"slideshow_button slideshow_previous slideshow_transparent\" role=\"button\" data-previous-text=\"Pr\u00e9c\u00e9dent\" style=\"display: none;\"><\/div>\r\n\t\t<div class=\"slideshow_button slideshow_next slideshow_transparent\" role=\"button\" data-next-text=\"Suivant\" style=\"display: none;\"><\/div>\r\n\r\n\t\t<div class=\"slideshow_pagination\" style=\"display: none;\" data-go-to-text=\"Go to slide\"><div class=\"slideshow_pagination_center\"><\/div><\/div>\r\n\r\n\t\t<!-- WordPress Slideshow Version 2.3.1 -->\r\n\r\n\t\t\t<\/div>\r\n\r\n<\/p>\n<p style=\"text-align: justify;\"><span style=\"font-family: arial, helvetica, sans-serif; font-size: 14pt;\"><strong>2000<\/strong><\/span><\/p>\n<p style=\"text-align: justify;\"><span style=\"font-family: arial, helvetica, sans-serif; font-size: 14pt;\">Signature d\u2019une convention avec le Conseil G\u00e9n\u00e9ral des Hauts-de-Seine en vue de reconstruire Baguer sur un tiers de la parcelle existante, le reste \u00e9tant affect\u00e9 \u00e0 la construction du 4\u00e8me coll\u00e8ge d\u2019Asni\u00e8res. En juillet 2002, durant la dur\u00e9e des travaux, l\u2019Institut s\u2019installe provisoirement dans des locaux au 8 rue Num\u00e8s, \u00e0 Asni\u00e8res.<\/span><\/p>\n<p><span style=\"font-family: arial, helvetica, sans-serif; font-size: 14pt;\"><strong>29 septembre 2004<\/strong><\/span><\/p>\n<p><span style=\"font-family: arial, helvetica, sans-serif; font-size: 14pt;\">Pose de la premi\u00e8re pierre du nouvel Institut.<\/span><\/p>\n<p><span style=\"font-family: arial, helvetica, sans-serif; font-size: 14pt;\"><strong>1er janvier 2006<\/strong><\/span><\/p>\n<p><span style=\"font-family: arial, helvetica, sans-serif; font-size: 14pt;\">Emm\u00e9nagement dans l\u2019\u00e9tablissement sis 35 rue de Nanterre, 92600 Asni\u00e8res-sur-Seine.<\/span><\/p>\n<p><span style=\"font-size: 20px;\"><strong><span style=\"font-family: arial, helvetica, sans-serif;\">1er janvier 2023<\/span><\/strong><\/span><\/p>\n<p><span style=\"font-size: 20px; font-family: arial, helvetica, sans-serif;\">L&rsquo;Institut D\u00e9partemental Gustave Baguer devient EPNAK-IDA Gustave Baguer<\/span><\/p>\n<p><span style=\"font-size: 20px; font-family: arial, helvetica, sans-serif;\">EPNAK : \u00c9tablissement Public National Antoine K\u0153nigswarter<\/span><\/p>\n<p><span style=\"font-size: 20px; font-family: arial, helvetica, sans-serif;\">IDA : Institut pour D\u00e9ficients Auditifs<\/span><\/p>\n<p><a href=\"https:\/\/www.youtube.com\/watch?v=xL2SVqPCWcs&amp;feature=em-upload_owner\" target=\"_blank\" rel=\"noopener\"><img loading=\"lazy\" decoding=\"async\" class=\"aligncenter wp-image-4285\" src=\"https:\/\/www.amicale-asnieres.fr\/wp-content\/uploads\/2018\/01\/Du-pass\u00e9-vers-lavenir.jpg\" alt=\"\" width=\"1000\" height=\"375\" srcset=\"https:\/\/www.amicale-asnieres.fr\/wp-content\/uploads\/2018\/01\/Du-pass\u00e9-vers-lavenir.jpg 1920w, https:\/\/www.amicale-asnieres.fr\/wp-content\/uploads\/2018\/01\/Du-pass\u00e9-vers-lavenir-300x113.jpg 300w, https:\/\/www.amicale-asnieres.fr\/wp-content\/uploads\/2018\/01\/Du-pass\u00e9-vers-lavenir-768x288.jpg 768w, https:\/\/www.amicale-asnieres.fr\/wp-content\/uploads\/2018\/01\/Du-pass\u00e9-vers-lavenir-1024x384.jpg 1024w\" sizes=\"auto, (max-width: 1000px) 100vw, 1000px\" \/><\/a><\/p>\n<p><a href=\"http:\/\/www.baguer.fr\" target=\"_blank\" rel=\"noopener\"><img loading=\"lazy\" decoding=\"async\" class=\"aligncenter wp-image-3859\" src=\"https:\/\/www.amicale-asnieres.fr\/wp-content\/uploads\/2015\/12\/Logo-IDGB.png\" alt=\"\" width=\"1000\" height=\"122\" srcset=\"https:\/\/www.amicale-asnieres.fr\/wp-content\/uploads\/2015\/12\/Logo-IDGB.png 819w, https:\/\/www.amicale-asnieres.fr\/wp-content\/uploads\/2015\/12\/Logo-IDGB-300x37.png 300w, https:\/\/www.amicale-asnieres.fr\/wp-content\/uploads\/2015\/12\/Logo-IDGB-768x94.png 768w\" sizes=\"auto, (max-width: 1000px) 100vw, 1000px\" \/><\/a><\/p>\n","protected":false},"excerpt":{"rendered":"<p>\u00a0 1893 Cr\u00e9ation de l\u2019Institut par une d\u00e9lib\u00e9ration du Conseil G\u00e9n\u00e9ral de la Seine du 16 juin 1893 et d\u2019un arr\u00eat\u00e9 pr\u00e9fectoral du 20 juillet 1893 en vue d\u2019accueillir, gratuitement, les \u00ab enfants sourds et demi sourds des 2 sexes d\u00e8s l\u2019\u00e2ge de 6 ans \u00bb. Plac\u00e9 sous la direction des services d\u2019enseignement de la [&hellip;]<\/p>\n","protected":false},"author":1,"featured_media":0,"parent":0,"menu_order":0,"comment_status":"closed","ping_status":"closed","template":"","meta":{"footnotes":""},"class_list":["post-327","page","type-page","status-publish","hentry"],"_links":{"self":[{"href":"https:\/\/www.amicale-asnieres.fr\/index.php?rest_route=\/wp\/v2\/pages\/327","targetHints":{"allow":["GET"]}}],"collection":[{"href":"https:\/\/www.amicale-asnieres.fr\/index.php?rest_route=\/wp\/v2\/pages"}],"about":[{"href":"https:\/\/www.amicale-asnieres.fr\/index.php?rest_route=\/wp\/v2\/types\/page"}],"author":[{"embeddable":true,"href":"https:\/\/www.amicale-asnieres.fr\/index.php?rest_route=\/wp\/v2\/users\/1"}],"replies":[{"embeddable":true,"href":"https:\/\/www.amicale-asnieres.fr\/index.php?rest_route=%2Fwp%2Fv2%2Fcomments&post=327"}],"version-history":[{"count":44,"href":"https:\/\/www.amicale-asnieres.fr\/index.php?rest_route=\/wp\/v2\/pages\/327\/revisions"}],"predecessor-version":[{"id":11222,"href":"https:\/\/www.amicale-asnieres.fr\/index.php?rest_route=\/wp\/v2\/pages\/327\/revisions\/11222"}],"wp:attachment":[{"href":"https:\/\/www.amicale-asnieres.fr\/index.php?rest_route=%2Fwp%2Fv2%2Fmedia&parent=327"}],"curies":[{"name":"wp","href":"https:\/\/api.w.org\/{rel}","templated":true}]}}